{"id":107668,"date":"2024-09-11T12:29:12","date_gmt":"2024-09-11T11:29:12","guid":{"rendered":"https:\/\/maspicagnol.com\/les-cases-rurals-2024\/"},"modified":"2025-03-13T17:52:27","modified_gmt":"2025-03-13T16:52:27","slug":"les-cases-rurals-2024","status":"publish","type":"page","link":"https:\/\/maspicagnol.com\/ca\/les-cases-rurals-2024\/","title":{"rendered":"Les cases rurals 2024"},"content":{"rendered":"\t\t<div data-elementor-type=\"wp-page\" data-elementor-id=\"107668\" class=\"elementor elementor-107668 elementor-92109\" data-elementor-post-type=\"page\">\n\t\t\t\t<div class=\"elementor-element elementor-element-e369bf0 e-flex e-con-boxed e-con e-parent\" data-id=\"e369bf0\" data-element_type=\"container\" data-settings=\"{&quot;background_background&quot;:&quot;classic&quot;}\">\n\t\t\t\t\t<div class=\"e-con-inner\">\n\t\t<div class=\"elementor-element elementor-element-97ce70d e-con-full e-flex e-con e-child\" data-id=\"97ce70d\" data-element_type=\"container\" data-settings=\"{&quot;background_background&quot;:&quot;classic&quot;}\">\n\t\t\t\t<div class=\"elementor-element elementor-element-e9be128 elementor-widget elementor-widget-heading\" data-id=\"e9be128\" data-element_type=\"widget\" data-widget_type=\"heading.default\">\n\t\t\t\t<div class=\"elementor-widget-container\">\n\t\t\t<h1 class=\"elementor-heading-title elementor-size-default\">Descobreix les nostres cases rurals a Mas Picagnol  <\/h1>\t\t<\/div>\n\t\t\t\t<\/div>\n\t\t\t\t<div class=\"elementor-element elementor-element-7cbc2bb elementor-widget elementor-widget-text-editor\" data-id=\"7cbc2bb\" data-element_type=\"widget\" data-widget_type=\"text-editor.default\">\n\t\t\t\t<div class=\"elementor-widget-container\">\n\t\t\t\t\t\t\t<p class=\"p1\"><b>Allotja&#8217;t en una casa rural amb encant al cor dels Pirineus Orientals<\/b><\/p>\n\t\t\t\t\t\t<\/div>\n\t\t\t\t<\/div>\n\t\t\t\t<\/div>\n\t\t\t\t\t<\/div>\n\t\t\t\t<\/div>\n\t\t<div class=\"elementor-element elementor-element-c94ac1d e-flex e-con-boxed e-con e-parent\" data-id=\"c94ac1d\" data-element_type=\"container\">\n\t\t\t\t\t<div class=\"e-con-inner\">\n\t\t\t\t<div class=\"elementor-element elementor-element-1a56395 elementor-widget elementor-widget-heading\" data-id=\"1a56395\" data-element_type=\"widget\" data-widget_type=\"heading.default\">\n\t\t\t\t<div class=\"elementor-widget-container\">\n\t\t\t<h2 class=\"elementor-heading-title elementor-size-default\">Allotjament confortable al cor dels Pirineus Orientals, a prop de Ceret<\/h2>\t\t<\/div>\n\t\t\t\t<\/div>\n\t\t\t\t<div class=\"elementor-element elementor-element-946f279 elementor-widget elementor-widget-text-editor\" data-id=\"946f279\" data-element_type=\"widget\" data-widget_type=\"text-editor.default\">\n\t\t\t\t<div class=\"elementor-widget-container\">\n\t\t\t\t\t\t\t<p>Benvinguts a Mas Picagnol, on cada casa rural us ofereix una experi\u00e8ncia \u00fanica, en perfecta harmonia amb la natura que l&#8217;envolta.<br \/>\nSituada a prop de <b>Ceret<\/b>, la nostra finca ofereix un allotjament c\u00f2mode i aut\u00e8ntic, ideal per <b>a vacances en fam\u00edlia<\/b>, amics o per celebrar esdeveniments especials.<br \/>\nTant si busques una <b>casa rural per a grups<\/b> a <b>Occit\u00e0nia<\/b> com una <b>casa rural amb piscina<\/b>, tenim l&#8217;allotjament que necessites.  <\/p>\n\t\t\t\t\t\t<\/div>\n\t\t\t\t<\/div>\n\t\t\t\t\t<\/div>\n\t\t\t\t<\/div>\n\t\t<div class=\"elementor-element elementor-element-053fcb1 e-flex e-con-boxed e-con e-parent\" data-id=\"053fcb1\" data-element_type=\"container\">\n\t\t\t\t\t<div class=\"e-con-inner\">\n\t\t\t\t<div class=\"elementor-element elementor-element-3b6851e elementor-widget elementor-widget-heading\" data-id=\"3b6851e\" data-element_type=\"widget\" data-widget_type=\"heading.default\">\n\t\t\t\t<div class=\"elementor-widget-container\">\n\t\t\t<h2 class=\"elementor-heading-title elementor-size-default\">Cases rurals per a 4 persones<\/h2>\t\t<\/div>\n\t\t\t\t<\/div>\n\t\t\t\t<div class=\"elementor-element elementor-element-7cd69fb elementor-widget elementor-widget-text-editor\" data-id=\"7cd69fb\" data-element_type=\"widget\" data-widget_type=\"text-editor.default\">\n\t\t\t\t<div class=\"elementor-widget-container\">\n\t\t\t\t\t\t\t<p class=\"p1\">A Mas Picagnol oferim quatre cases rurals dissenyades per allotjar fins a 4 persones, perfectes per a vacances en fam\u00edlia o amb amics.<br \/>\nSituades en un entorn natural excepcional, les nostres cases rurals ofereixen una combinaci\u00f3 \u00fanica de confort modern i encant aut\u00e8ntic.<br \/>\nCada casa est\u00e0 acuradament organitzada per oferir total privacitat, alhora que permet gaudir d&#8217;una vista espectacular dels paisatges dels Pirineus Orientals.  <\/p>\n\t\t\t\t\t\t<\/div>\n\t\t\t\t<\/div>\n\t\t\t\t<div class=\"elementor-element elementor-element-5fb568c elementor-widget elementor-widget-text-editor\" data-id=\"5fb568c\" data-element_type=\"widget\" data-widget_type=\"text-editor.default\">\n\t\t\t\t<div class=\"elementor-widget-container\">\n\t\t\t\t\t\t\t<p class=\"p1\">Cada casa rural disposa de dos dormitoris confortables, una cuina totalment equipada i una c\u00e0lida sala d&#8217;estar, ideal per a moments de relax a l&#8217;interior.<br \/>\nCada unitat tamb\u00e9 disposa d&#8217;una terrassa privada, perfecta per sopar a l&#8217;aire lliure, relaxar-se al sol o admirar les vistes panor\u00e0miques del poble d&#8217;Oms i la natura que l&#8217;envolta. <\/p>\n\t\t\t\t\t\t<\/div>\n\t\t\t\t<\/div>\n\t\t\t\t\t<\/div>\n\t\t\t\t<\/div>\n\t\t<div class=\"elementor-element elementor-element-afea9ce e-con-full e-flex e-con e-parent\" data-id=\"afea9ce\" data-element_type=\"container\" data-settings=\"{&quot;background_background&quot;:&quot;classic&quot;}\">\n\t\t<div class=\"elementor-element elementor-element-ab3609b e-con-full e-flex e-con e-child\" data-id=\"ab3609b\" data-element_type=\"container\" data-settings=\"{&quot;background_background&quot;:&quot;slideshow&quot;,&quot;background_slideshow_gallery&quot;:[{&quot;id&quot;:47168,&quot;url&quot;:&quot;https:\\\/\\\/maspicagnol.com\\\/wp-content\\\/uploads\\\/2024\\\/07\\\/salon-olivier.jpg&quot;}],&quot;background_slideshow_loop&quot;:&quot;yes&quot;,&quot;background_slideshow_slide_duration&quot;:5000,&quot;background_slideshow_slide_transition&quot;:&quot;fade&quot;,&quot;background_slideshow_transition_duration&quot;:500}\">\n\t\t\t\t<\/div>\n\t\t<div class=\"elementor-element elementor-element-ae55435 e-con-full e-flex e-con e-child\" data-id=\"ae55435\" data-element_type=\"container\">\n\t\t\t\t<div class=\"elementor-element elementor-element-0ac4130 elementor-widget elementor-widget-heading\" data-id=\"0ac4130\" data-element_type=\"widget\" data-widget_type=\"heading.default\">\n\t\t\t\t<div class=\"elementor-widget-container\">\n\t\t\t<h4 class=\"elementor-heading-title elementor-size-default\">Casa rural Olivier<\/h4>\t\t<\/div>\n\t\t\t\t<\/div>\n\t\t\t\t<div class=\"elementor-element elementor-element-2d7316a elementor-widget__width-initial elementor-widget elementor-widget-text-editor\" data-id=\"2d7316a\" data-element_type=\"widget\" data-widget_type=\"text-editor.default\">\n\t\t\t\t<div class=\"elementor-widget-container\">\n\t\t\t\t\t\t\t<p class=\"p2\">La casa rural Olivier us d\u00f3na la benvinguda a una escapada pintoresca que combina tradici\u00f3 i modernitat.<br \/>\nGaudeix d&#8217;una vista panor\u00e0mica excepcional, d&#8217;un ambient c\u00e0lid i d&#8217;un equipament confortable que fan d&#8217;aquesta casa rural un lloc ideal per a un interludi encantat, tant si vens en parella, en fam\u00edlia o amb amics. <\/p>\n\t\t\t\t\t\t<\/div>\n\t\t\t\t<\/div>\n\t\t\t\t<div class=\"elementor-element elementor-element-5fc8fc6 elementor-widget elementor-widget-button\" data-id=\"5fc8fc6\" data-element_type=\"widget\" data-widget_type=\"button.default\">\n\t\t\t\t<div class=\"elementor-widget-container\">\n\t\t\t\t\t<div class=\"elementor-button-wrapper\">\n\t\t\t<a class=\"elementor-button elementor-button-link elementor-size-sm\" href=\"https:\/\/maspicagnol.com\/accommodation\/gite-olivier\/\">\n\t\t\t\t\t\t<span class=\"elementor-button-content-wrapper\">\n\t\t\t\t\t\t\t\t\t<span class=\"elementor-button-text\">Apr\u00e8n m\u00e9s<\/span>\n\t\t\t\t\t<\/span>\n\t\t\t\t\t<\/a>\n\t\t<\/div>\n\t\t\t\t<\/div>\n\t\t\t\t<\/div>\n\t\t\t\t<\/div>\n\t\t\t\t<\/div>\n\t\t<div class=\"elementor-element elementor-element-a848d53 e-con-full e-flex e-con e-parent\" data-id=\"a848d53\" data-element_type=\"container\" data-settings=\"{&quot;background_background&quot;:&quot;classic&quot;}\">\n\t\t<div class=\"elementor-element elementor-element-89b0647 e-con-full e-flex e-con e-child\" data-id=\"89b0647\" data-element_type=\"container\">\n\t\t\t\t<div class=\"elementor-element elementor-element-4e3d75b elementor-widget elementor-widget-heading\" data-id=\"4e3d75b\" data-element_type=\"widget\" data-widget_type=\"heading.default\">\n\t\t\t\t<div class=\"elementor-widget-container\">\n\t\t\t<h4 class=\"elementor-heading-title elementor-size-default\">Casa rural Campsis<\/h4>\t\t<\/div>\n\t\t\t\t<\/div>\n\t\t\t\t<div class=\"elementor-element elementor-element-85ebea8 elementor-widget__width-initial elementor-widget elementor-widget-text-editor\" data-id=\"85ebea8\" data-element_type=\"widget\" data-widget_type=\"text-editor.default\">\n\t\t\t\t<div class=\"elementor-widget-container\">\n\t\t\t\t\t\t\t<p class=\"p1\">Explora el G\u00eete Campsis, un aut\u00e8ntic rec\u00e9s de pau dissenyat per allotjar 4 persones.<br \/>\nAmb la seva acollidora sala d&#8217;estar, la terrassa a l&#8217;ombra amb vistes a la piscina i les comoditats modernes, G\u00eete Campsis ofereix l&#8217;equilibri perfecte entre confort i encant natural.<br \/>\n\u00c9s un punt de partida ideal per descobrir les nombroses activitats i aventures locals.  <\/p>\n\t\t\t\t\t\t<\/div>\n\t\t\t\t<\/div>\n\t\t\t\t<div class=\"elementor-element elementor-element-2dfbdbc elementor-align-right elementor-widget elementor-widget-button\" data-id=\"2dfbdbc\" data-element_type=\"widget\" data-widget_type=\"button.default\">\n\t\t\t\t<div class=\"elementor-widget-container\">\n\t\t\t\t\t<div class=\"elementor-button-wrapper\">\n\t\t\t<a class=\"elementor-button elementor-button-link elementor-size-sm\" href=\"https:\/\/maspicagnol.com\/accommodation\/gite-campsis\/\">\n\t\t\t\t\t\t<span class=\"elementor-button-content-wrapper\">\n\t\t\t\t\t\t\t\t\t<span class=\"elementor-button-text\">Apr\u00e8n m\u00e9s<\/span>\n\t\t\t\t\t<\/span>\n\t\t\t\t\t<\/a>\n\t\t<\/div>\n\t\t\t\t<\/div>\n\t\t\t\t<\/div>\n\t\t\t\t<\/div>\n\t\t<div class=\"elementor-element elementor-element-1a14e1b e-flex e-con-boxed e-con e-child\" data-id=\"1a14e1b\" data-element_type=\"container\" data-settings=\"{&quot;background_background&quot;:&quot;slideshow&quot;,&quot;background_slideshow_gallery&quot;:[{&quot;id&quot;:47720,&quot;url&quot;:&quot;https:\\\/\\\/maspicagnol.com\\\/wp-content\\\/uploads\\\/2024\\\/07\\\/salon-Campsis-1.jpg&quot;}],&quot;background_slideshow_loop&quot;:&quot;yes&quot;,&quot;background_slideshow_slide_duration&quot;:5000,&quot;background_slideshow_slide_transition&quot;:&quot;fade&quot;,&quot;background_slideshow_transition_duration&quot;:500}\">\n\t\t\t\t\t<div class=\"e-con-inner\">\n\t\t\t\t\t<\/div>\n\t\t\t\t<\/div>\n\t\t\t\t<\/div>\n\t\t<div class=\"elementor-element elementor-element-5a79ea3 e-con-full e-flex e-con e-parent\" data-id=\"5a79ea3\" data-element_type=\"container\" data-settings=\"{&quot;background_background&quot;:&quot;classic&quot;}\">\n\t\t<div class=\"elementor-element elementor-element-3a40c5f e-con-full e-flex e-con e-child\" data-id=\"3a40c5f\" data-element_type=\"container\" data-settings=\"{&quot;background_background&quot;:&quot;slideshow&quot;,&quot;background_slideshow_gallery&quot;:[{&quot;id&quot;:25884,&quot;url&quot;:&quot;https:\\\/\\\/maspicagnol.com\\\/wp-content\\\/uploads\\\/2024\\\/07\\\/salon-accroche-neria-1.jpg&quot;}],&quot;background_slideshow_loop&quot;:&quot;yes&quot;,&quot;background_slideshow_slide_duration&quot;:5000,&quot;background_slideshow_slide_transition&quot;:&quot;fade&quot;,&quot;background_slideshow_transition_duration&quot;:500}\">\n\t\t\t\t<\/div>\n\t\t<div class=\"elementor-element elementor-element-2110648 e-con-full e-flex e-con e-child\" data-id=\"2110648\" data-element_type=\"container\">\n\t\t\t\t<div class=\"elementor-element elementor-element-ffdc29c elementor-widget elementor-widget-heading\" data-id=\"ffdc29c\" data-element_type=\"widget\" data-widget_type=\"heading.default\">\n\t\t\t\t<div class=\"elementor-widget-container\">\n\t\t\t<h4 class=\"elementor-heading-title elementor-size-default\">Casa rural Neria<\/h4>\t\t<\/div>\n\t\t\t\t<\/div>\n\t\t\t\t<div class=\"elementor-element elementor-element-3986ddc elementor-widget__width-initial elementor-widget elementor-widget-text-editor\" data-id=\"3986ddc\" data-element_type=\"widget\" data-widget_type=\"text-editor.default\">\n\t\t\t\t<div class=\"elementor-widget-container\">\n\t\t\t\t\t\t\t<p class=\"p1\">Benvinguts a G\u00eete Neria, el vostre refugi \u00edntim al cor de la natura.<br \/>\nAquesta casa rural ofereix una escapada confortable per a 4 persones i disposa d&#8217;una \u00e0mplia sala d&#8217;estar, una terrassa panor\u00e0mica i comoditats modernes, tot en un ambient c\u00e0lid.<br \/>\nEl G\u00eete Neria t\u00e9 una ubicaci\u00f3 ideal per gaudir de l&#8217;entorn pintoresc del poble d&#8217;Oms i els seus voltants.  <\/p>\n\t\t\t\t\t\t<\/div>\n\t\t\t\t<\/div>\n\t\t\t\t<div class=\"elementor-element elementor-element-7979ff7 elementor-widget elementor-widget-button\" data-id=\"7979ff7\" data-element_type=\"widget\" data-widget_type=\"button.default\">\n\t\t\t\t<div class=\"elementor-widget-container\">\n\t\t\t\t\t<div class=\"elementor-button-wrapper\">\n\t\t\t<a class=\"elementor-button elementor-button-link elementor-size-sm\" href=\"https:\/\/maspicagnol.com\/accommodation\/gite-neria\/\">\n\t\t\t\t\t\t<span class=\"elementor-button-content-wrapper\">\n\t\t\t\t\t\t\t\t\t<span class=\"elementor-button-text\">Apr\u00e8n m\u00e9s<\/span>\n\t\t\t\t\t<\/span>\n\t\t\t\t\t<\/a>\n\t\t<\/div>\n\t\t\t\t<\/div>\n\t\t\t\t<\/div>\n\t\t\t\t<\/div>\n\t\t\t\t<\/div>\n\t\t<div class=\"elementor-element elementor-element-630d796 e-con-full e-flex e-con e-parent\" data-id=\"630d796\" data-element_type=\"container\" data-settings=\"{&quot;background_background&quot;:&quot;classic&quot;}\">\n\t\t<div class=\"elementor-element elementor-element-680c2c5 e-con-full e-flex e-con e-child\" data-id=\"680c2c5\" data-element_type=\"container\">\n\t\t\t\t<div class=\"elementor-element elementor-element-7498baf elementor-widget elementor-widget-heading\" data-id=\"7498baf\" data-element_type=\"widget\" data-widget_type=\"heading.default\">\n\t\t\t\t<div class=\"elementor-widget-container\">\n\t\t\t<h4 class=\"elementor-heading-title elementor-size-default\">Casa Rural Jasmin<\/h4>\t\t<\/div>\n\t\t\t\t<\/div>\n\t\t\t\t<div class=\"elementor-element elementor-element-ff776bc elementor-widget__width-initial elementor-widget elementor-widget-text-editor\" data-id=\"ff776bc\" data-element_type=\"widget\" data-widget_type=\"text-editor.default\">\n\t\t\t\t<div class=\"elementor-widget-container\">\n\t\t\t\t\t\t\t<p class=\"p1\">El G\u00eete Jasmin us convida a viure unes vacances inoblidables.<br \/>\nSota un gran roure, en un ambient r\u00fastic, aquest d\u00faplex combina una decoraci\u00f3 refinada i un equipament modern per crear un aut\u00e8ntic rec\u00e9s de pau.<br \/>\nIdeal per a un m\u00e0xim de 4 persones, el G\u00eete Jasmin \u00e9s un lloc \u00fanic per allotjar-se per recarregar les piles en plena natura.  <\/p>\n\t\t\t\t\t\t<\/div>\n\t\t\t\t<\/div>\n\t\t\t\t<div class=\"elementor-element elementor-element-e0185cd elementor-align-right elementor-mobile-align-center elementor-widget elementor-widget-button\" data-id=\"e0185cd\" data-element_type=\"widget\" data-widget_type=\"button.default\">\n\t\t\t\t<div class=\"elementor-widget-container\">\n\t\t\t\t\t<div class=\"elementor-button-wrapper\">\n\t\t\t<a class=\"elementor-button elementor-button-link elementor-size-sm\" href=\"https:\/\/maspicagnol.com\/accommodation\/gite-jasmin\/\">\n\t\t\t\t\t\t<span class=\"elementor-button-content-wrapper\">\n\t\t\t\t\t\t\t\t\t<span class=\"elementor-button-text\">Apr\u00e8n m\u00e9s<\/span>\n\t\t\t\t\t<\/span>\n\t\t\t\t\t<\/a>\n\t\t<\/div>\n\t\t\t\t<\/div>\n\t\t\t\t<\/div>\n\t\t\t\t<\/div>\n\t\t<div class=\"elementor-element elementor-element-e5956ff e-flex e-con-boxed e-con e-child\" data-id=\"e5956ff\" data-element_type=\"container\" data-settings=\"{&quot;background_background&quot;:&quot;slideshow&quot;,&quot;background_slideshow_gallery&quot;:[{&quot;id&quot;:23636,&quot;url&quot;:&quot;https:\\\/\\\/maspicagnol.com\\\/wp-content\\\/uploads\\\/2024\\\/07\\\/photo-accroche-jasmin.jpg&quot;}],&quot;background_slideshow_loop&quot;:&quot;yes&quot;,&quot;background_slideshow_slide_duration&quot;:5000,&quot;background_slideshow_slide_transition&quot;:&quot;fade&quot;,&quot;background_slideshow_transition_duration&quot;:500}\">\n\t\t\t\t\t<div class=\"e-con-inner\">\n\t\t\t\t\t<\/div>\n\t\t\t\t<\/div>\n\t\t\t\t<\/div>\n\t\t<div class=\"elementor-element elementor-element-e310c47 e-flex e-con-boxed e-con e-parent\" data-id=\"e310c47\" data-element_type=\"container\">\n\t\t\t\t\t<div class=\"e-con-inner\">\n\t\t\t\t<div class=\"elementor-element elementor-element-3da0c6f elementor-widget-divider--view-line elementor-widget elementor-widget-divider\" data-id=\"3da0c6f\" data-element_type=\"widget\" data-widget_type=\"divider.default\">\n\t\t\t\t<div class=\"elementor-widget-container\">\n\t\t\t\t\t<div class=\"elementor-divider\">\n\t\t\t<span class=\"elementor-divider-separator\">\n\t\t\t\t\t\t<\/span>\n\t\t<\/div>\n\t\t\t\t<\/div>\n\t\t\t\t<\/div>\n\t\t\t\t\t<\/div>\n\t\t\t\t<\/div>\n\t\t<div class=\"elementor-element elementor-element-1a96532 e-flex e-con-boxed e-con e-parent\" data-id=\"1a96532\" data-element_type=\"container\">\n\t\t\t\t\t<div class=\"e-con-inner\">\n\t\t\t\t<div class=\"elementor-element elementor-element-838e9a4 elementor-widget elementor-widget-heading\" data-id=\"838e9a4\" data-element_type=\"widget\" data-widget_type=\"heading.default\">\n\t\t\t\t<div class=\"elementor-widget-container\">\n\t\t\t<h3 class=\"elementor-heading-title elementor-size-default\">Casetes per a 6 persones<\/h3>\t\t<\/div>\n\t\t\t\t<\/div>\n\t\t\t\t<div class=\"elementor-element elementor-element-9b62118 elementor-widget elementor-widget-text-editor\" data-id=\"9b62118\" data-element_type=\"widget\" data-widget_type=\"text-editor.default\">\n\t\t\t\t<div class=\"elementor-widget-container\">\n\t\t\t\t\t\t\t<p class=\"p1\">Per a fam\u00edlies nombroses o grups d&#8217;amics, les nostres dues \u00e0mplies cases rurals per a 6 persones ofereixen tot l&#8217;espai necessari per a moments de conviv\u00e8ncia i relaxaci\u00f3.<br \/>\nAmb tres dormitoris elegants, una cuina moderna i una sala d&#8217;estar c\u00f2moda, aquestes cases rurals s\u00f3n perfectes per passar les vacances junts.<br \/>\nCada casa est\u00e0 equipada amb una terrassa privada, ideal per gaudir de les nits d&#8217;estiu sota les estrelles.  <\/p>\n\t\t\t\t\t\t<\/div>\n\t\t\t\t<\/div>\n\t\t\t\t\t<\/div>\n\t\t\t\t<\/div>\n\t\t<div class=\"elementor-element elementor-element-707b003 e-con-full e-flex e-con e-parent\" data-id=\"707b003\" data-element_type=\"container\" data-settings=\"{&quot;background_background&quot;:&quot;classic&quot;}\">\n\t\t<div class=\"elementor-element elementor-element-9dadcfd e-con-full e-flex e-con e-child\" data-id=\"9dadcfd\" data-element_type=\"container\" data-settings=\"{&quot;background_background&quot;:&quot;slideshow&quot;,&quot;background_slideshow_gallery&quot;:[{&quot;id&quot;:47761,&quot;url&quot;:&quot;https:\\\/\\\/maspicagnol.com\\\/wp-content\\\/uploads\\\/2024\\\/07\\\/salon-wisteria-photo-accroche-1.jpg&quot;}],&quot;background_slideshow_loop&quot;:&quot;yes&quot;,&quot;background_slideshow_slide_duration&quot;:5000,&quot;background_slideshow_slide_transition&quot;:&quot;fade&quot;,&quot;background_slideshow_transition_duration&quot;:500}\">\n\t\t\t\t<\/div>\n\t\t<div class=\"elementor-element elementor-element-8dc436c e-con-full e-flex e-con e-child\" data-id=\"8dc436c\" data-element_type=\"container\">\n\t\t\t\t<div class=\"elementor-element elementor-element-ab664f7 elementor-widget elementor-widget-heading\" data-id=\"ab664f7\" data-element_type=\"widget\" data-widget_type=\"heading.default\">\n\t\t\t\t<div class=\"elementor-widget-container\">\n\t\t\t<h4 class=\"elementor-heading-title elementor-size-default\">Casa rural Wisteria<\/h4>\t\t<\/div>\n\t\t\t\t<\/div>\n\t\t\t\t<div class=\"elementor-element elementor-element-c19aa1c elementor-widget__width-initial elementor-widget elementor-widget-text-editor\" data-id=\"c19aa1c\" data-element_type=\"widget\" data-widget_type=\"text-editor.default\">\n\t\t\t\t<div class=\"elementor-widget-container\">\n\t\t\t\t\t\t\t<p class=\"p1\">Benvinguts a la Wisteria Cottage: un aut\u00e8ntic refugi on es troben la natura i les comoditats modernes.<br \/>\nAquesta casa rural d\u00faplex, completada per un dormitori contigu, us d\u00f3na la benvinguda sota l&#8217;ombra relaxant d&#8217;una olivera centen\u00e0ria i un bignone.<br \/>\nGaudeix d&#8217;una terrassa a l&#8217;ombra per relaxar-te a l&#8217;aire lliure i gaudeix de totes les comoditats modernes, com ara aire condicionat, TV per sat\u00e8l\u00b7lit i Wi-Fi il\u00b7limitat, per passar unes vacances inoblidables en fam\u00edlia o amb amics.  <\/p>\n\t\t\t\t\t\t<\/div>\n\t\t\t\t<\/div>\n\t\t\t\t<div class=\"elementor-element elementor-element-fae9472 elementor-widget elementor-widget-button\" data-id=\"fae9472\" data-element_type=\"widget\" data-widget_type=\"button.default\">\n\t\t\t\t<div class=\"elementor-widget-container\">\n\t\t\t\t\t<div class=\"elementor-button-wrapper\">\n\t\t\t<a class=\"elementor-button elementor-button-link elementor-size-sm\" href=\"https:\/\/maspicagnol.com\/accommodation\/gite-wisteria\/\">\n\t\t\t\t\t\t<span class=\"elementor-button-content-wrapper\">\n\t\t\t\t\t\t\t\t\t<span class=\"elementor-button-text\">Apr\u00e8n m\u00e9s<\/span>\n\t\t\t\t\t<\/span>\n\t\t\t\t\t<\/a>\n\t\t<\/div>\n\t\t\t\t<\/div>\n\t\t\t\t<\/div>\n\t\t\t\t<\/div>\n\t\t\t\t<\/div>\n\t\t<div class=\"elementor-element elementor-element-b699550 e-con-full e-flex e-con e-parent\" data-id=\"b699550\" data-element_type=\"container\" data-settings=\"{&quot;background_background&quot;:&quot;classic&quot;}\">\n\t\t<div class=\"elementor-element elementor-element-88cb78b e-con-full e-flex e-con e-child\" data-id=\"88cb78b\" data-element_type=\"container\">\n\t\t\t\t<div class=\"elementor-element elementor-element-14602c5 elementor-widget elementor-widget-heading\" data-id=\"14602c5\" data-element_type=\"widget\" data-widget_type=\"heading.default\">\n\t\t\t\t<div class=\"elementor-widget-container\">\n\t\t\t<h4 class=\"elementor-heading-title elementor-size-default\">Casa rural Orqu\u00eddia<\/h4>\t\t<\/div>\n\t\t\t\t<\/div>\n\t\t\t\t<div class=\"elementor-element elementor-element-9b76f40 elementor-widget__width-initial elementor-widget elementor-widget-text-editor\" data-id=\"9b76f40\" data-element_type=\"widget\" data-widget_type=\"text-editor.default\">\n\t\t\t\t<div class=\"elementor-widget-container\">\n\t\t\t\t\t\t\t<p class=\"p1\">Descobreix el G\u00eete Orchid\u00e9e, completament renovat el 2022, que combina espai i llum per a una estada d&#8217;all\u00f2 m\u00e9s agradable.<br \/>\nAquesta casa rural ofereix tres dormitoris confortables i una cuina oberta totalment equipada.<br \/>\nLa seva terrassa ofereix una vista impressionant del poble d&#8217;Oms i del majestu\u00f3s mont Canig\u00f3.<br \/>\nAprofita les comoditats modernes, com ara aire condicionat reversible, TV per sat\u00e8l\u00b7lit i Wi-Fi il\u00b7limitat per a moments inoblidables de compartir i relaxar-se.   <\/p>\n\t\t\t\t\t\t<\/div>\n\t\t\t\t<\/div>\n\t\t\t\t<div class=\"elementor-element elementor-element-5c7ea8b elementor-align-right elementor-widget elementor-widget-button\" data-id=\"5c7ea8b\" data-element_type=\"widget\" data-widget_type=\"button.default\">\n\t\t\t\t<div class=\"elementor-widget-container\">\n\t\t\t\t\t<div class=\"elementor-button-wrapper\">\n\t\t\t<a class=\"elementor-button elementor-button-link elementor-size-sm\" href=\"https:\/\/maspicagnol.com\/accommodation\/gite-orchidee\/\">\n\t\t\t\t\t\t<span class=\"elementor-button-content-wrapper\">\n\t\t\t\t\t\t\t\t\t<span class=\"elementor-button-text\">Apr\u00e8n m\u00e9s<\/span>\n\t\t\t\t\t<\/span>\n\t\t\t\t\t<\/a>\n\t\t<\/div>\n\t\t\t\t<\/div>\n\t\t\t\t<\/div>\n\t\t\t\t<\/div>\n\t\t<div class=\"elementor-element elementor-element-058ca10 e-flex e-con-boxed e-con e-child\" data-id=\"058ca10\" data-element_type=\"container\" data-settings=\"{&quot;background_background&quot;:&quot;slideshow&quot;,&quot;background_slideshow_gallery&quot;:[{&quot;id&quot;:46999,&quot;url&quot;:&quot;https:\\\/\\\/maspicagnol.com\\\/wp-content\\\/uploads\\\/2024\\\/07\\\/salon-2-orchidee.jpg&quot;}],&quot;background_slideshow_loop&quot;:&quot;yes&quot;,&quot;background_slideshow_slide_duration&quot;:5000,&quot;background_slideshow_slide_transition&quot;:&quot;fade&quot;,&quot;background_slideshow_transition_duration&quot;:500}\">\n\t\t\t\t\t<div class=\"e-con-inner\">\n\t\t\t\t\t<\/div>\n\t\t\t\t<\/div>\n\t\t\t\t<\/div>\n\t\t\t\t<\/div>\n\t\t","protected":false},"excerpt":{"rendered":"<p>Descobreix les nostres cases rurals a Mas Picagnol Allotja&#8217;t en una casa rural amb encant al cor dels Pirineus Orientals Allotjament confortable al cor dels Pirineus Orientals, a prop de Ceret Benvinguts a Mas Picagnol, on cada casa rural us ofereix una experi\u00e8ncia \u00fanica, en perfecta harmonia amb la natura que l&#8217;envolta. Situada a prop [&hellip;]<\/p>\n","protected":false},"author":2,"featured_media":0,"parent":0,"menu_order":0,"comment_status":"closed","ping_status":"closed","template":"elementor_header_footer","meta":{"om_disable_all_campaigns":false,"_monsterinsights_skip_tracking":false,"_monsterinsights_sitenote_active":false,"_monsterinsights_sitenote_note":"","_monsterinsights_sitenote_category":0,"_uf_show_specific_survey":0,"_uf_disable_surveys":false,"footnotes":""},"folder":[117],"class_list":["post-107668","page","type-page","status-publish","hentry"],"aioseo_notices":[],"_links":{"self":[{"href":"https:\/\/maspicagnol.com\/ca\/wp-json\/wp\/v2\/pages\/107668","targetHints":{"allow":["GET"]}}],"collection":[{"href":"https:\/\/maspicagnol.com\/ca\/wp-json\/wp\/v2\/pages"}],"about":[{"href":"https:\/\/maspicagnol.com\/ca\/wp-json\/wp\/v2\/types\/page"}],"author":[{"embeddable":true,"href":"https:\/\/maspicagnol.com\/ca\/wp-json\/wp\/v2\/users\/2"}],"replies":[{"embeddable":true,"href":"https:\/\/maspicagnol.com\/ca\/wp-json\/wp\/v2\/comments?post=107668"}],"version-history":[{"count":7,"href":"https:\/\/maspicagnol.com\/ca\/wp-json\/wp\/v2\/pages\/107668\/revisions"}],"predecessor-version":[{"id":212749,"href":"https:\/\/maspicagnol.com\/ca\/wp-json\/wp\/v2\/pages\/107668\/revisions\/212749"}],"wp:attachment":[{"href":"https:\/\/maspicagnol.com\/ca\/wp-json\/wp\/v2\/media?parent=107668"}],"wp:term":[{"taxonomy":"folder","embeddable":true,"href":"https:\/\/maspicagnol.com\/ca\/wp-json\/wp\/v2\/folder?post=107668"}],"curies":[{"name":"wp","href":"https:\/\/api.w.org\/{rel}","templated":true}]}}